{"id":3415,"date":"2026-01-29T14:08:18","date_gmt":"2026-01-29T12:08:18","guid":{"rendered":"https:\/\/fahrschule-wienelf.at\/?post_type=mec-events&#038;p=3415"},"modified":"2026-01-29T14:32:00","modified_gmt":"2026-01-29T12:32:00","slug":"fahrlehrausbildung-a","status":"publish","type":"mec-events","link":"https:\/\/fahrschule-wienelf.at\/ar\/events\/fahrlehrausbildung-a\/","title":{"rendered":"Fahrlehrausbildung A"},"content":{"rendered":"<div class=\"elementor-element elementor-element-7c669ca2 elementor-widget elementor-widget-text-editor\" data-id=\"7c669ca2\" data-element_type=\"widget\" data-widget_type=\"text-editor.default\">\n<h2><span style=\"color: #000000;\"><strong>Fahrlehrerausbildung Klasse A<\/strong><\/span><\/h2>\n<h5 class=\"elementor-widget-container\"><span style=\"color: #000000;\">Seit \u00fcber 30 Jahren bilden wir mit hoher Erfolgsquote, besonders praxisnah Fahrlehrer und Fahrschullehrer aus.<\/span><\/h5>\n<\/div>\n<div class=\"elementor-element elementor-element-0c3ed80 elementor-widget elementor-widget-text-editor\" data-id=\"0c3ed80\" data-element_type=\"widget\" data-widget_type=\"text-editor.default\">\n<div class=\"elementor-widget-container\">\n<h5><span style=\"color: #000000;\">Unsere Ausbildung f\u00fcr Fahrlehrer und Fahrschullehrer in Wien bietet fundiertes Fachwissen und viele wertvolle Praxiseinheiten.<br \/>\nWir legen gro\u00dfen Wert darauf, dass die Ausbildung nicht nur begonnen, sondern auch erfolgreich zu Ende gef\u00fchrt wird.<\/span><\/h5>\n<div data-id=\"5496131c\" data-element_type=\"widget\" data-widget_type=\"heading.default\">\n<hr \/>\n<h2><span style=\"color: #800000;\"><strong><a style=\"color: #800000;\" href=\"https:\/\/fahrschule-wienelf.at\/wp-content\/uploads\/2026\/01\/KURSPLAN_Fahrlehrer_A.pdf\">KURSPLAN-Fahrlehrer-A-2026<\/a><\/strong><\/span><\/h2>\n<div>\n<hr \/>\n<\/div>\n<h5><span style=\"color: #000000;\"><strong>Voraussetzung<\/strong><\/span><\/h5>\n<ul>\n<li>\n<h5><span style=\"color: #000000;\">Fahrlehrer der Klasse B<\/span><\/h5>\n<\/li>\n<li>\n<h5><span style=\"color: #000000;\">3 Jahre F\u00fchrerschein der angestrebten Klasse<\/span><\/h5>\n<\/li>\n<li>\n<h5><span style=\"color: #000000;\">3 Jahre Praxisnachweis oder 1 Jahr mit Lehrplanseminar<\/span><\/h5>\n<\/li>\n<li>\n<h5><span style=\"color: #000000;\">Vertrauensw\u00fcrdig- und Zuverl\u00e4ssigkeit<\/span><\/h5>\n<\/li>\n<li>\n<h5><span style=\"color: #000000;\">Keine schweren verkehrsrechtlichen Verst\u00f6\u00dfe in den letzten 5 Jahren<\/span><\/h5>\n<\/li>\n<\/ul>\n<\/div>\n<\/div>\n<\/div>","protected":false},"excerpt":{"rendered":"<p><img width=\"2560\" height=\"1709\" src=\"https:\/\/fahrschule-wienelf.at\/wp-content\/uploads\/2026\/01\/Fahrlehrer1-scaled.jpg\" class=\"attachment-post-thumbnail size-post-thumbnail wp-post-image\" alt=\"\" decoding=\"async\" loading=\"lazy\" srcset=\"https:\/\/fahrschule-wienelf.at\/wp-content\/uploads\/2026\/01\/Fahrlehrer1-scaled.jpg 2560w, https:\/\/fahrschule-wienelf.at\/wp-content\/uploads\/2026\/01\/Fahrlehrer1-300x200.jpg 300w, https:\/\/fahrschule-wienelf.at\/wp-content\/uploads\/2026\/01\/Fahrlehrer1-1024x683.jpg 1024w, https:\/\/fahrschule-wienelf.at\/wp-content\/uploads\/2026\/01\/Fahrlehrer1-768x513.jpg 768w, https:\/\/fahrschule-wienelf.at\/wp-content\/uploads\/2026\/01\/Fahrlehrer1-391x260.jpg 391w, https:\/\/fahrschule-wienelf.at\/wp-content\/uploads\/2026\/01\/Fahrlehrer1-1536x1025.jpg 1536w, https:\/\/fahrschule-wienelf.at\/wp-content\/uploads\/2026\/01\/Fahrlehrer1-2048x1367.jpg 2048w, https:\/\/fahrschule-wienelf.at\/wp-content\/uploads\/2026\/01\/Fahrlehrer1-18x12.jpg 18w\" sizes=\"(max-width: 2560px) 100vw, 2560px\" \/> Fahrlehrerausbildung Klasse A Seit \u00fcber 30 Jahren bilden wir mit hoher Erfolgsquote, besonders praxisnah Fahrlehrer und Fahrschullehrer aus. Unsere Ausbildung f\u00fcr Fahrlehrer und Fahrschullehrer in Wien bietet fundiertes Fachwissen und viele wertvolle Praxiseinheiten. Wir legen gro\u00dfen Wert darauf, dass die Ausbildung nicht nur begonnen, sondern auch erfolgreich zu Ende gef\u00fchrt wird. KURSPLAN-Fahrlehrer-A-2026 Voraussetzung Fahrlehrer der [&hellip;]<\/p>","protected":false},"author":3,"featured_media":3335,"comment_status":"open","ping_status":"closed","template":"","tags":[],"mec_category":[29],"yoast_head":"<!-- This site is optimized with the Yoast SEO plugin v21.5 - https:\/\/yoast.com\/wordpress\/plugins\/seo\/ -->\n<title>Fahrlehrausbildung A - Fahrschule Wienelf<\/title>\n<meta name=\"description\" content=\"Das Leben als Fahrlehrer ist abwechslungsreich und verantwortungsvoll \u2013 t\u00e4glich neue Menschen, spannende Herausforderungen im Stra\u00dfenverkehr und die Aufgabe, Fahrsch\u00fcler sicher zur Pr\u00fcfung zu f\u00fchren\" \/>\n<meta name=\"robots\" content=\"index, follow, max-snippet:-1, max-image-preview:large, max-video-preview:-1\" \/>\n<link rel=\"canonical\" href=\"https:\/\/fahrschule-wienelf.at\/ar\/events\/fahrlehrausbildung-a\/\" \/>\n<meta property=\"og:locale\" content=\"ar_AR\" \/>\n<meta property=\"og:type\" content=\"article\" \/>\n<meta property=\"og:title\" content=\"Fahrlehrausbildung A - Fahrschule Wienelf\" \/>\n<meta property=\"og:description\" content=\"Das Leben als Fahrlehrer ist abwechslungsreich und verantwortungsvoll \u2013 t\u00e4glich neue Menschen, spannende Herausforderungen im Stra\u00dfenverkehr und die Aufgabe, Fahrsch\u00fcler sicher zur Pr\u00fcfung zu f\u00fchren\" \/>\n<meta property=\"og:url\" content=\"https:\/\/fahrschule-wienelf.at\/ar\/events\/fahrlehrausbildung-a\/\" \/>\n<meta property=\"og:site_name\" content=\"Fahrschule Wienelf\" \/>\n<meta property=\"article:publisher\" content=\"https:\/\/www.facebook.com\/Fahrschule.Adnan.Karakoc\" \/>\n<meta property=\"article:modified_time\" content=\"2026-01-29T12:32:00+00:00\" \/>\n<meta property=\"og:image\" content=\"https:\/\/fahrschule-wienelf.at\/wp-content\/uploads\/2026\/01\/Fahrlehrer1-scaled.jpg\" \/>\n\t<meta property=\"og:image:width\" content=\"2560\" \/>\n\t<meta property=\"og:image:height\" content=\"1709\" \/>\n\t<meta property=\"og:image:type\" content=\"image\/jpeg\" \/>\n<meta name=\"twitter:card\" content=\"summary_large_image\" \/>\n<meta name=\"twitter:label1\" content=\"\u0648\u0642\u062a \u0627\u0644\u0642\u0631\u0627\u0621\u0629 \u0627\u0644\u0645\u064f\u0642\u062f\u0651\u0631\" \/>\n\t<meta name=\"twitter:data1\" content=\"\u062f\u0642\u064a\u0642\u0629 \u0648\u0627\u062d\u062f\u0629\" \/>\n<script type=\"application\/ld+json\" class=\"yoast-schema-graph\">{\"@context\":\"https:\/\/schema.org\",\"@graph\":[{\"@type\":\"WebPage\",\"@id\":\"https:\/\/fahrschule-wienelf.at\/events\/fahrlehrausbildung-a\/\",\"url\":\"https:\/\/fahrschule-wienelf.at\/events\/fahrlehrausbildung-a\/\",\"name\":\"Fahrlehrausbildung A - Fahrschule Wienelf\",\"isPartOf\":{\"@id\":\"https:\/\/fahrschule-wienelf.at\/#website\"},\"datePublished\":\"2026-01-29T12:08:18+00:00\",\"dateModified\":\"2026-01-29T12:32:00+00:00\",\"description\":\"Das Leben als Fahrlehrer ist abwechslungsreich und verantwortungsvoll \u2013 t\u00e4glich neue Menschen, spannende Herausforderungen im Stra\u00dfenverkehr und die Aufgabe, Fahrsch\u00fcler sicher zur Pr\u00fcfung zu f\u00fchren\",\"breadcrumb\":{\"@id\":\"https:\/\/fahrschule-wienelf.at\/events\/fahrlehrausbildung-a\/#breadcrumb\"},\"inLanguage\":\"ar\",\"potentialAction\":[{\"@type\":\"ReadAction\",\"target\":[\"https:\/\/fahrschule-wienelf.at\/events\/fahrlehrausbildung-a\/\"]}]},{\"@type\":\"BreadcrumbList\",\"@id\":\"https:\/\/fahrschule-wienelf.at\/events\/fahrlehrausbildung-a\/#breadcrumb\",\"itemListElement\":[{\"@type\":\"ListItem\",\"position\":1,\"name\":\"Startseite\",\"item\":\"https:\/\/fahrschule-wienelf.at\/\"},{\"@type\":\"ListItem\",\"position\":2,\"name\":\"Veranstaltungen\",\"item\":\"https:\/\/fahrschule-wienelf.at\/events\/\"},{\"@type\":\"ListItem\",\"position\":3,\"name\":\"Fahrlehrausbildung A\"}]},{\"@type\":\"WebSite\",\"@id\":\"https:\/\/fahrschule-wienelf.at\/#website\",\"url\":\"https:\/\/fahrschule-wienelf.at\/\",\"name\":\"Fahrschule Wienelf\",\"description\":\"\",\"publisher\":{\"@id\":\"https:\/\/fahrschule-wienelf.at\/#organization\"},\"potentialAction\":[{\"@type\":\"SearchAction\",\"target\":{\"@type\":\"EntryPoint\",\"urlTemplate\":\"https:\/\/fahrschule-wienelf.at\/?s={search_term_string}\"},\"query-input\":\"required name=search_term_string\"}],\"inLanguage\":\"ar\"},{\"@type\":\"Organization\",\"@id\":\"https:\/\/fahrschule-wienelf.at\/#organization\",\"name\":\"Fahrschule Wienelf\",\"url\":\"https:\/\/fahrschule-wienelf.at\/\",\"logo\":{\"@type\":\"ImageObject\",\"inLanguage\":\"ar\",\"@id\":\"https:\/\/fahrschule-wienelf.at\/#\/schema\/logo\/image\/\",\"url\":\"https:\/\/fahrschule-wienelf.at\/wp-content\/uploads\/2020\/11\/cropped-Elf-Logo-Transparent_Weisseschrift-1.png\",\"contentUrl\":\"https:\/\/fahrschule-wienelf.at\/wp-content\/uploads\/2020\/11\/cropped-Elf-Logo-Transparent_Weisseschrift-1.png\",\"width\":4165,\"height\":725,\"caption\":\"Fahrschule Wienelf\"},\"image\":{\"@id\":\"https:\/\/fahrschule-wienelf.at\/#\/schema\/logo\/image\/\"},\"sameAs\":[\"https:\/\/www.facebook.com\/Fahrschule.Adnan.Karakoc\"]}]}<\/script>\n<!-- \/ Yoast SEO plugin. -->","yoast_head_json":{"title":"Fahrlehrausbildung A - Fahrschule Wienelf","description":"Das Leben als Fahrlehrer ist abwechslungsreich und verantwortungsvoll \u2013 t\u00e4glich neue Menschen, spannende Herausforderungen im Stra\u00dfenverkehr und die Aufgabe, Fahrsch\u00fcler sicher zur Pr\u00fcfung zu f\u00fchren","robots":{"index":"index","follow":"follow","max-snippet":"max-snippet:-1","max-image-preview":"max-image-preview:large","max-video-preview":"max-video-preview:-1"},"canonical":"https:\/\/fahrschule-wienelf.at\/ar\/events\/fahrlehrausbildung-a\/","og_locale":"ar_AR","og_type":"article","og_title":"Fahrlehrausbildung A - Fahrschule Wienelf","og_description":"Das Leben als Fahrlehrer ist abwechslungsreich und verantwortungsvoll \u2013 t\u00e4glich neue Menschen, spannende Herausforderungen im Stra\u00dfenverkehr und die Aufgabe, Fahrsch\u00fcler sicher zur Pr\u00fcfung zu f\u00fchren","og_url":"https:\/\/fahrschule-wienelf.at\/ar\/events\/fahrlehrausbildung-a\/","og_site_name":"Fahrschule Wienelf","article_publisher":"https:\/\/www.facebook.com\/Fahrschule.Adnan.Karakoc","article_modified_time":"2026-01-29T12:32:00+00:00","og_image":[{"width":2560,"height":1709,"url":"https:\/\/fahrschule-wienelf.at\/wp-content\/uploads\/2026\/01\/Fahrlehrer1-scaled.jpg","type":"image\/jpeg"}],"twitter_card":"summary_large_image","twitter_misc":{"\u0648\u0642\u062a \u0627\u0644\u0642\u0631\u0627\u0621\u0629 \u0627\u0644\u0645\u064f\u0642\u062f\u0651\u0631":"\u062f\u0642\u064a\u0642\u0629 \u0648\u0627\u062d\u062f\u0629"},"schema":{"@context":"https:\/\/schema.org","@graph":[{"@type":"WebPage","@id":"https:\/\/fahrschule-wienelf.at\/events\/fahrlehrausbildung-a\/","url":"https:\/\/fahrschule-wienelf.at\/events\/fahrlehrausbildung-a\/","name":"Fahrlehrausbildung A - Fahrschule Wienelf","isPartOf":{"@id":"https:\/\/fahrschule-wienelf.at\/#website"},"datePublished":"2026-01-29T12:08:18+00:00","dateModified":"2026-01-29T12:32:00+00:00","description":"Das Leben als Fahrlehrer ist abwechslungsreich und verantwortungsvoll \u2013 t\u00e4glich neue Menschen, spannende Herausforderungen im Stra\u00dfenverkehr und die Aufgabe, Fahrsch\u00fcler sicher zur Pr\u00fcfung zu f\u00fchren","breadcrumb":{"@id":"https:\/\/fahrschule-wienelf.at\/events\/fahrlehrausbildung-a\/#breadcrumb"},"inLanguage":"ar","potentialAction":[{"@type":"ReadAction","target":["https:\/\/fahrschule-wienelf.at\/events\/fahrlehrausbildung-a\/"]}]},{"@type":"BreadcrumbList","@id":"https:\/\/fahrschule-wienelf.at\/events\/fahrlehrausbildung-a\/#breadcrumb","itemListElement":[{"@type":"ListItem","position":1,"name":"Startseite","item":"https:\/\/fahrschule-wienelf.at\/"},{"@type":"ListItem","position":2,"name":"Veranstaltungen","item":"https:\/\/fahrschule-wienelf.at\/events\/"},{"@type":"ListItem","position":3,"name":"Fahrlehrausbildung A"}]},{"@type":"WebSite","@id":"https:\/\/fahrschule-wienelf.at\/#website","url":"https:\/\/fahrschule-wienelf.at\/","name":"Fahrschule Wienelf","description":"","publisher":{"@id":"https:\/\/fahrschule-wienelf.at\/#organization"},"potentialAction":[{"@type":"SearchAction","target":{"@type":"EntryPoint","urlTemplate":"https:\/\/fahrschule-wienelf.at\/?s={search_term_string}"},"query-input":"required name=search_term_string"}],"inLanguage":"ar"},{"@type":"Organization","@id":"https:\/\/fahrschule-wienelf.at\/#organization","name":"Fahrschule Wienelf","url":"https:\/\/fahrschule-wienelf.at\/","logo":{"@type":"ImageObject","inLanguage":"ar","@id":"https:\/\/fahrschule-wienelf.at\/#\/schema\/logo\/image\/","url":"https:\/\/fahrschule-wienelf.at\/wp-content\/uploads\/2020\/11\/cropped-Elf-Logo-Transparent_Weisseschrift-1.png","contentUrl":"https:\/\/fahrschule-wienelf.at\/wp-content\/uploads\/2020\/11\/cropped-Elf-Logo-Transparent_Weisseschrift-1.png","width":4165,"height":725,"caption":"Fahrschule Wienelf"},"image":{"@id":"https:\/\/fahrschule-wienelf.at\/#\/schema\/logo\/image\/"},"sameAs":["https:\/\/www.facebook.com\/Fahrschule.Adnan.Karakoc"]}]}},"_links":{"self":[{"href":"https:\/\/fahrschule-wienelf.at\/ar\/wp-json\/wp\/v2\/mec-events\/3415"}],"collection":[{"href":"https:\/\/fahrschule-wienelf.at\/ar\/wp-json\/wp\/v2\/mec-events"}],"about":[{"href":"https:\/\/fahrschule-wienelf.at\/ar\/wp-json\/wp\/v2\/types\/mec-events"}],"author":[{"embeddable":true,"href":"https:\/\/fahrschule-wienelf.at\/ar\/wp-json\/wp\/v2\/users\/3"}],"replies":[{"embeddable":true,"href":"https:\/\/fahrschule-wienelf.at\/ar\/wp-json\/wp\/v2\/comments?post=3415"}],"wp:featuredmedia":[{"embeddable":true,"href":"https:\/\/fahrschule-wienelf.at\/ar\/wp-json\/wp\/v2\/media\/3335"}],"wp:attachment":[{"href":"https:\/\/fahrschule-wienelf.at\/ar\/wp-json\/wp\/v2\/media?parent=3415"}],"wp:term":[{"taxonomy":"post_tag","embeddable":true,"href":"https:\/\/fahrschule-wienelf.at\/ar\/wp-json\/wp\/v2\/tags?post=3415"},{"taxonomy":"mec_category","embeddable":true,"href":"https:\/\/fahrschule-wienelf.at\/ar\/wp-json\/wp\/v2\/mec_category?post=3415"}],"curies":[{"name":"wp","href":"https:\/\/api.w.org\/{rel}","templated":true}]}}