{"id":2891,"date":"2025-05-18T23:07:09","date_gmt":"2025-05-18T21:07:09","guid":{"rendered":"https:\/\/fahrschule-wienelf.at\/?post_type=mec-events&#038;p=2891"},"modified":"2026-04-02T18:15:36","modified_gmt":"2026-04-02T16:15:36","slug":"intensivkurs-gw-abend","status":"publish","type":"mec-events","link":"https:\/\/fahrschule-wienelf.at\/ar\/events\/intensivkurs-gw-abend\/","title":{"rendered":"Intensivkurs GW (allgemeiner Teil) Abend"},"content":{"rendered":"<p>Der <strong data-start=\"268\" data-end=\"288\">Grundwissen-Kurs<\/strong> vermittelt allgemeine Verkehrsregeln, Verkehrszeichen, Verhalten im Stra\u00dfenverkehr und rechtliche Grundlagen.<br data-start=\"398\" data-end=\"401\" \/>Er bildet die <strong data-start=\"415\" data-end=\"453\">Basis f\u00fcr alle F\u00fchrerscheinklassen<\/strong>, danach folgt jeweils ein <strong data-start=\"480\" data-end=\"508\">klassenspezifischer Kurs<\/strong> z.\u202fB. f\u00fcr Klasse B oder A<\/p>\n<hr \/>\n<p><span style=\"color: #000000;\"><strong><em><a style=\"color: #000000;\" href=\"https:\/\/fahrschule-wienelf.at\/wp-content\/uploads\/2025\/05\/KURSPLAN-B-2025.pdf\">KURSPLAN B-2025<\/a><\/em><br \/>\n<\/strong><\/span><\/p>\n<hr \/>\n<p>&nbsp;<\/p>","protected":false},"excerpt":{"rendered":"<p>Der Grundwissen-Kurs vermittelt allgemeine Verkehrsregeln, Verkehrszeichen, Verhalten im Stra\u00dfenverkehr und rechtliche Grundlagen.Er bildet die Basis f\u00fcr alle F\u00fchrerscheinklassen, danach folgt jeweils ein klassenspezifischer Kurs z.\u202fB. f\u00fcr Klasse B oder A KURSPLAN B-2025 &nbsp;<\/p>","protected":false},"author":3,"featured_media":0,"comment_status":"closed","ping_status":"closed","template":"","tags":[],"mec_category":[18,12],"yoast_head":"<!-- This site is optimized with the Yoast SEO plugin v21.5 - https:\/\/yoast.com\/wordpress\/plugins\/seo\/ -->\n<title>Intensivkurs GW (allgemeiner Teil) Abend - Fahrschule Wienelf<\/title>\n<meta name=\"robots\" content=\"index, follow, max-snippet:-1, max-image-preview:large, max-video-preview:-1\" \/>\n<link rel=\"canonical\" href=\"https:\/\/fahrschule-wienelf.at\/ar\/events\/intensivkurs-gw-abend\/\" \/>\n<meta property=\"og:locale\" content=\"ar_AR\" \/>\n<meta property=\"og:type\" content=\"article\" \/>\n<meta property=\"og:title\" content=\"Intensivkurs GW (allgemeiner Teil) Abend - Fahrschule Wienelf\" \/>\n<meta property=\"og:description\" content=\"Der Grundwissen-Kurs vermittelt allgemeine Verkehrsregeln, Verkehrszeichen, Verhalten im Stra\u00dfenverkehr und rechtliche Grundlagen.Er bildet die Basis f\u00fcr alle F\u00fchrerscheinklassen, danach folgt jeweils ein klassenspezifischer Kurs z.\u202fB. f\u00fcr Klasse B oder A KURSPLAN B-2025 &nbsp;\" \/>\n<meta property=\"og:url\" content=\"https:\/\/fahrschule-wienelf.at\/ar\/events\/intensivkurs-gw-abend\/\" \/>\n<meta property=\"og:site_name\" content=\"Fahrschule Wienelf\" \/>\n<meta property=\"article:publisher\" content=\"https:\/\/www.facebook.com\/Fahrschule.Adnan.Karakoc\" \/>\n<meta property=\"article:modified_time\" content=\"2026-04-02T16:15:36+00:00\" \/>\n<meta name=\"twitter:card\" content=\"summary_large_image\" \/>\n<meta name=\"twitter:label1\" content=\"\u0648\u0642\u062a \u0627\u0644\u0642\u0631\u0627\u0621\u0629 \u0627\u0644\u0645\u064f\u0642\u062f\u0651\u0631\" \/>\n\t<meta name=\"twitter:data1\" content=\"\u062f\u0642\u064a\u0642\u0629 \u0648\u0627\u062d\u062f\u0629\" \/>\n<script type=\"application\/ld+json\" class=\"yoast-schema-graph\">{\"@context\":\"https:\/\/schema.org\",\"@graph\":[{\"@type\":\"WebPage\",\"@id\":\"https:\/\/fahrschule-wienelf.at\/events\/intensivkurs-gw-abend\/\",\"url\":\"https:\/\/fahrschule-wienelf.at\/events\/intensivkurs-gw-abend\/\",\"name\":\"Intensivkurs GW (allgemeiner Teil) Abend - Fahrschule Wienelf\",\"isPartOf\":{\"@id\":\"https:\/\/fahrschule-wienelf.at\/#website\"},\"datePublished\":\"2025-05-18T21:07:09+00:00\",\"dateModified\":\"2026-04-02T16:15:36+00:00\",\"breadcrumb\":{\"@id\":\"https:\/\/fahrschule-wienelf.at\/events\/intensivkurs-gw-abend\/#breadcrumb\"},\"inLanguage\":\"ar\",\"potentialAction\":[{\"@type\":\"ReadAction\",\"target\":[\"https:\/\/fahrschule-wienelf.at\/events\/intensivkurs-gw-abend\/\"]}]},{\"@type\":\"BreadcrumbList\",\"@id\":\"https:\/\/fahrschule-wienelf.at\/events\/intensivkurs-gw-abend\/#breadcrumb\",\"itemListElement\":[{\"@type\":\"ListItem\",\"position\":1,\"name\":\"Startseite\",\"item\":\"https:\/\/fahrschule-wienelf.at\/\"},{\"@type\":\"ListItem\",\"position\":2,\"name\":\"Veranstaltungen\",\"item\":\"https:\/\/fahrschule-wienelf.at\/events\/\"},{\"@type\":\"ListItem\",\"position\":3,\"name\":\"Intensivkurs GW (allgemeiner Teil) Abend\"}]},{\"@type\":\"WebSite\",\"@id\":\"https:\/\/fahrschule-wienelf.at\/#website\",\"url\":\"https:\/\/fahrschule-wienelf.at\/\",\"name\":\"Fahrschule Wienelf\",\"description\":\"\",\"publisher\":{\"@id\":\"https:\/\/fahrschule-wienelf.at\/#organization\"},\"potentialAction\":[{\"@type\":\"SearchAction\",\"target\":{\"@type\":\"EntryPoint\",\"urlTemplate\":\"https:\/\/fahrschule-wienelf.at\/?s={search_term_string}\"},\"query-input\":\"required name=search_term_string\"}],\"inLanguage\":\"ar\"},{\"@type\":\"Organization\",\"@id\":\"https:\/\/fahrschule-wienelf.at\/#organization\",\"name\":\"Fahrschule Wienelf\",\"url\":\"https:\/\/fahrschule-wienelf.at\/\",\"logo\":{\"@type\":\"ImageObject\",\"inLanguage\":\"ar\",\"@id\":\"https:\/\/fahrschule-wienelf.at\/#\/schema\/logo\/image\/\",\"url\":\"https:\/\/fahrschule-wienelf.at\/wp-content\/uploads\/2020\/11\/cropped-Elf-Logo-Transparent_Weisseschrift-1.png\",\"contentUrl\":\"https:\/\/fahrschule-wienelf.at\/wp-content\/uploads\/2020\/11\/cropped-Elf-Logo-Transparent_Weisseschrift-1.png\",\"width\":4165,\"height\":725,\"caption\":\"Fahrschule Wienelf\"},\"image\":{\"@id\":\"https:\/\/fahrschule-wienelf.at\/#\/schema\/logo\/image\/\"},\"sameAs\":[\"https:\/\/www.facebook.com\/Fahrschule.Adnan.Karakoc\"]}]}<\/script>\n<!-- \/ Yoast SEO plugin. -->","yoast_head_json":{"title":"Intensivkurs GW (allgemeiner Teil) Abend - Fahrschule Wienelf","robots":{"index":"index","follow":"follow","max-snippet":"max-snippet:-1","max-image-preview":"max-image-preview:large","max-video-preview":"max-video-preview:-1"},"canonical":"https:\/\/fahrschule-wienelf.at\/ar\/events\/intensivkurs-gw-abend\/","og_locale":"ar_AR","og_type":"article","og_title":"Intensivkurs GW (allgemeiner Teil) Abend - Fahrschule Wienelf","og_description":"Der Grundwissen-Kurs vermittelt allgemeine Verkehrsregeln, Verkehrszeichen, Verhalten im Stra\u00dfenverkehr und rechtliche Grundlagen.Er bildet die Basis f\u00fcr alle F\u00fchrerscheinklassen, danach folgt jeweils ein klassenspezifischer Kurs z.\u202fB. f\u00fcr Klasse B oder A KURSPLAN B-2025 &nbsp;","og_url":"https:\/\/fahrschule-wienelf.at\/ar\/events\/intensivkurs-gw-abend\/","og_site_name":"Fahrschule Wienelf","article_publisher":"https:\/\/www.facebook.com\/Fahrschule.Adnan.Karakoc","article_modified_time":"2026-04-02T16:15:36+00:00","twitter_card":"summary_large_image","twitter_misc":{"\u0648\u0642\u062a \u0627\u0644\u0642\u0631\u0627\u0621\u0629 \u0627\u0644\u0645\u064f\u0642\u062f\u0651\u0631":"\u062f\u0642\u064a\u0642\u0629 \u0648\u0627\u062d\u062f\u0629"},"schema":{"@context":"https:\/\/schema.org","@graph":[{"@type":"WebPage","@id":"https:\/\/fahrschule-wienelf.at\/events\/intensivkurs-gw-abend\/","url":"https:\/\/fahrschule-wienelf.at\/events\/intensivkurs-gw-abend\/","name":"Intensivkurs GW (allgemeiner Teil) Abend - Fahrschule Wienelf","isPartOf":{"@id":"https:\/\/fahrschule-wienelf.at\/#website"},"datePublished":"2025-05-18T21:07:09+00:00","dateModified":"2026-04-02T16:15:36+00:00","breadcrumb":{"@id":"https:\/\/fahrschule-wienelf.at\/events\/intensivkurs-gw-abend\/#breadcrumb"},"inLanguage":"ar","potentialAction":[{"@type":"ReadAction","target":["https:\/\/fahrschule-wienelf.at\/events\/intensivkurs-gw-abend\/"]}]},{"@type":"BreadcrumbList","@id":"https:\/\/fahrschule-wienelf.at\/events\/intensivkurs-gw-abend\/#breadcrumb","itemListElement":[{"@type":"ListItem","position":1,"name":"Startseite","item":"https:\/\/fahrschule-wienelf.at\/"},{"@type":"ListItem","position":2,"name":"Veranstaltungen","item":"https:\/\/fahrschule-wienelf.at\/events\/"},{"@type":"ListItem","position":3,"name":"Intensivkurs GW (allgemeiner Teil) Abend"}]},{"@type":"WebSite","@id":"https:\/\/fahrschule-wienelf.at\/#website","url":"https:\/\/fahrschule-wienelf.at\/","name":"Fahrschule Wienelf","description":"","publisher":{"@id":"https:\/\/fahrschule-wienelf.at\/#organization"},"potentialAction":[{"@type":"SearchAction","target":{"@type":"EntryPoint","urlTemplate":"https:\/\/fahrschule-wienelf.at\/?s={search_term_string}"},"query-input":"required name=search_term_string"}],"inLanguage":"ar"},{"@type":"Organization","@id":"https:\/\/fahrschule-wienelf.at\/#organization","name":"Fahrschule Wienelf","url":"https:\/\/fahrschule-wienelf.at\/","logo":{"@type":"ImageObject","inLanguage":"ar","@id":"https:\/\/fahrschule-wienelf.at\/#\/schema\/logo\/image\/","url":"https:\/\/fahrschule-wienelf.at\/wp-content\/uploads\/2020\/11\/cropped-Elf-Logo-Transparent_Weisseschrift-1.png","contentUrl":"https:\/\/fahrschule-wienelf.at\/wp-content\/uploads\/2020\/11\/cropped-Elf-Logo-Transparent_Weisseschrift-1.png","width":4165,"height":725,"caption":"Fahrschule Wienelf"},"image":{"@id":"https:\/\/fahrschule-wienelf.at\/#\/schema\/logo\/image\/"},"sameAs":["https:\/\/www.facebook.com\/Fahrschule.Adnan.Karakoc"]}]}},"_links":{"self":[{"href":"https:\/\/fahrschule-wienelf.at\/ar\/wp-json\/wp\/v2\/mec-events\/2891"}],"collection":[{"href":"https:\/\/fahrschule-wienelf.at\/ar\/wp-json\/wp\/v2\/mec-events"}],"about":[{"href":"https:\/\/fahrschule-wienelf.at\/ar\/wp-json\/wp\/v2\/types\/mec-events"}],"author":[{"embeddable":true,"href":"https:\/\/fahrschule-wienelf.at\/ar\/wp-json\/wp\/v2\/users\/3"}],"replies":[{"embeddable":true,"href":"https:\/\/fahrschule-wienelf.at\/ar\/wp-json\/wp\/v2\/comments?post=2891"}],"wp:attachment":[{"href":"https:\/\/fahrschule-wienelf.at\/ar\/wp-json\/wp\/v2\/media?parent=2891"}],"wp:term":[{"taxonomy":"post_tag","embeddable":true,"href":"https:\/\/fahrschule-wienelf.at\/ar\/wp-json\/wp\/v2\/tags?post=2891"},{"taxonomy":"mec_category","embeddable":true,"href":"https:\/\/fahrschule-wienelf.at\/ar\/wp-json\/wp\/v2\/mec_category?post=2891"}],"curies":[{"name":"wp","href":"https:\/\/api.w.org\/{rel}","templated":true}]}}